{"id":2722,"date":"2022-12-21T18:07:01","date_gmt":"2022-12-21T18:07:01","guid":{"rendered":"https:\/\/ieselmedano.org\/?page_id=2722"},"modified":"2024-06-26T12:37:02","modified_gmt":"2024-06-26T12:37:02","slug":"fondos-europeos","status":"publish","type":"page","link":"https:\/\/ieselmedano.org\/index.php\/redes-y-proyectos\/fondos-europeos\/","title":{"rendered":"Aula de Emprendimiento"},"content":{"rendered":"<div class=\"wp-block-image\">\n<figure class=\"aligncenter size-full\"><a href=\"https:\/\/www.gobiernodecanarias.org\/educacion\/web\/programas_cofinanciados\/nextgenerationeu\/\" target=\"_blank\" rel=\"noreferrer noopener\"><img loading=\"lazy\" decoding=\"async\" width=\"500\" height=\"500\" src=\"https:\/\/ieselmedano.org\/wp-content\/uploads\/2023\/01\/Copia_de_Con_tus_ideas_florecemos-removebg-preview.png\" alt=\"\" class=\"wp-image-2769\" srcset=\"https:\/\/ieselmedano.org\/wp-content\/uploads\/2023\/01\/Copia_de_Con_tus_ideas_florecemos-removebg-preview.png 500w, https:\/\/ieselmedano.org\/wp-content\/uploads\/2023\/01\/Copia_de_Con_tus_ideas_florecemos-removebg-preview-300x300.png 300w, https:\/\/ieselmedano.org\/wp-content\/uploads\/2023\/01\/Copia_de_Con_tus_ideas_florecemos-removebg-preview-150x150.png 150w, https:\/\/ieselmedano.org\/wp-content\/uploads\/2023\/01\/Copia_de_Con_tus_ideas_florecemos-removebg-preview-90x90.png 90w, https:\/\/ieselmedano.org\/wp-content\/uploads\/2023\/01\/Copia_de_Con_tus_ideas_florecemos-removebg-preview-360x360.png 360w, https:\/\/ieselmedano.org\/wp-content\/uploads\/2023\/01\/Copia_de_Con_tus_ideas_florecemos-removebg-preview-64x64.png 64w\" sizes=\"(max-width: 500px) 100vw, 500px\" \/><\/a><\/figure><\/div>\n\n<div class=\"wp-block-image\">\n<figure class=\"aligncenter size-large\"><img loading=\"lazy\" decoding=\"async\" width=\"1024\" height=\"92\" src=\"https:\/\/ieselmedano.org\/wp-content\/uploads\/2024\/06\/Captura-FSE-1024x92.png\" alt=\"\" class=\"wp-image-3502\" srcset=\"https:\/\/ieselmedano.org\/wp-content\/uploads\/2024\/06\/Captura-FSE-1024x92.png 1024w, https:\/\/ieselmedano.org\/wp-content\/uploads\/2024\/06\/Captura-FSE-300x27.png 300w, https:\/\/ieselmedano.org\/wp-content\/uploads\/2024\/06\/Captura-FSE-768x69.png 768w, https:\/\/ieselmedano.org\/wp-content\/uploads\/2024\/06\/Captura-FSE.png 1336w\" sizes=\"(max-width: 1024px) 100vw, 1024px\" \/><\/figure><\/div>\n\n\n<p><span style=\"color: #000000;\"><strong>Emprendimiento 2023<\/strong><\/span><\/p>\n<p class=\"western\" align=\"justify\"><span style=\"color: #000000;\"><span style=\"font-family: Times New Roman, serif;\">Las <\/span><span style=\"font-family: Times New Roman, serif;\"><b>\u201cAulas de Emprendimiento en Formaci\u00f3n Profesional\u201d<\/b><\/span><span style=\"font-family: Times New Roman, serif;\"> del <\/span><span style=\"font-family: Times New Roman, serif;\"><b>IES El M\u00e9dano<\/b><\/span><span style=\"font-family: Times New Roman, serif;\">, beneficiario de la actuaci\u00f3n \u00abAulas de Emprendimiento en Formaci\u00f3n Profesional\u00bb del \u00abPlan de Modernizaci\u00f3n de la Formaci\u00f3n Profesional\u00bb financiadas por el Ministerio de Educaci\u00f3n y Formaci\u00f3n Profesional y por la Uni\u00f3n Europea \u2013 NextGenerationEU, en el marco del componente 20 \u201cPlan estrat\u00e9gico de impulso de la Formaci\u00f3n Profesional\u201d, del Plan de Recuperaci\u00f3n, Transformaci\u00f3n y Resiliencia, realiz\u00f3 durante los d\u00edas 20, 21 y 22 de noviembre de 2023 acciones formativas para la \u201c<\/span><span style=\"font-family: Times New Roman, serif;\"><i><b>mejora de habilidades y competencias para emprender\u201d y \u201cc\u00f3mo crear tu marca personal\u201d, <\/b><\/i><\/span><span style=\"font-family: Times New Roman, serif;\">durante los d\u00edas 4 y 5 de diciembre de 2023 se llev\u00f3 a cabo <\/span><span style=\"font-family: Times New Roman, serif;\"><i><b>\u201cemprender para la accesibilidad\u201d <\/b><\/i><\/span><span style=\"font-family: Times New Roman, serif;\">y <\/span><span style=\"font-family: Times New Roman, serif;\"><i><b>\u201cellas y los altos de Tenerife\u201d, <\/b><\/i><\/span><span style=\"font-family: Times New Roman, serif;\"><i>dirigidas a todo el alumnado de la familia profesional de Servicios a la Comunidad. <\/i><\/span><span style=\"font-family: Times New Roman, serif;\">El 29 de noviembre se realiz\u00f3 la acci\u00f3n formativa <\/span><span style=\"font-family: Times New Roman, serif;\"><b>emprender en el sector de la peluquer\u00eda: \u201cnuevas tendencias en barber\u00eda\u201d <\/b><\/span><span style=\"font-family: Times New Roman, serif;\">dirigida al alumnado del ciclo medio de peluquer\u00eda y cosm\u00e9tica capilar y para finalizar las actuaciones de las \u00abAulas de Emprendimiento en Formaci\u00f3n Profesional\u00bb del \u00abPlan de Modernizaci\u00f3n de la Formaci\u00f3n Profesional\u00bb se realiz\u00f3 la acci\u00f3n <\/span><span style=\"font-family: Times New Roman, serif;\"><i><b>\u201cdifusi\u00f3n del aula de emprendimiento del IES El M\u00e9dano\u201d<\/b><\/i><\/span><span style=\"font-family: Times New Roman, serif;\"> para todo el alumnado y profesorado de servicios a la comunidad y peluquer\u00eda y cosm\u00e9tica capilar.<\/span><\/span><\/p>\n<p class=\"western\" align=\"justify\"><a name=\"Bookmark\"><\/a> <\/p>\n\n\n\n<figure class=\"wp-block-gallery has-nested-images columns-default is-cropped wp-block-gallery-1 is-layout-flex wp-block-gallery-is-layout-flex\">\n<figure class=\"wp-block-image size-large\"><img loading=\"lazy\" decoding=\"async\" width=\"1024\" height=\"569\" data-id=\"3506\" src=\"https:\/\/ieselmedano.org\/wp-content\/uploads\/2024\/06\/20231121_155315-1024x569.jpg\" alt=\"\" class=\"wp-image-3506\" srcset=\"https:\/\/ieselmedano.org\/wp-content\/uploads\/2024\/06\/20231121_155315-1024x569.jpg 1024w, https:\/\/ieselmedano.org\/wp-content\/uploads\/2024\/06\/20231121_155315-300x167.jpg 300w, https:\/\/ieselmedano.org\/wp-content\/uploads\/2024\/06\/20231121_155315-768x427.jpg 768w, https:\/\/ieselmedano.org\/wp-content\/uploads\/2024\/06\/20231121_155315-1536x854.jpg 1536w, https:\/\/ieselmedano.org\/wp-content\/uploads\/2024\/06\/20231121_155315-2048x1138.jpg 2048w\" sizes=\"(max-width: 1024px) 100vw, 1024px\" \/><\/figure>\n\n\n\n<figure class=\"wp-block-image size-large\"><img loading=\"lazy\" decoding=\"async\" width=\"1024\" height=\"461\" data-id=\"3507\" src=\"https:\/\/ieselmedano.org\/wp-content\/uploads\/2024\/06\/20231121_165702-1024x461.jpg\" alt=\"\" class=\"wp-image-3507\" srcset=\"https:\/\/ieselmedano.org\/wp-content\/uploads\/2024\/06\/20231121_165702-1024x461.jpg 1024w, https:\/\/ieselmedano.org\/wp-content\/uploads\/2024\/06\/20231121_165702-300x135.jpg 300w, https:\/\/ieselmedano.org\/wp-content\/uploads\/2024\/06\/20231121_165702-768x346.jpg 768w, https:\/\/ieselmedano.org\/wp-content\/uploads\/2024\/06\/20231121_165702-1536x692.jpg 1536w, https:\/\/ieselmedano.org\/wp-content\/uploads\/2024\/06\/20231121_165702-2048x922.jpg 2048w\" sizes=\"(max-width: 1024px) 100vw, 1024px\" \/><\/figure>\n\n\n\n<figure class=\"wp-block-image size-large\"><img loading=\"lazy\" decoding=\"async\" width=\"1024\" height=\"461\" data-id=\"3509\" src=\"https:\/\/ieselmedano.org\/wp-content\/uploads\/2024\/06\/20231121_175510-1024x461.jpg\" alt=\"\" class=\"wp-image-3509\" srcset=\"https:\/\/ieselmedano.org\/wp-content\/uploads\/2024\/06\/20231121_175510-1024x461.jpg 1024w, https:\/\/ieselmedano.org\/wp-content\/uploads\/2024\/06\/20231121_175510-300x135.jpg 300w, https:\/\/ieselmedano.org\/wp-content\/uploads\/2024\/06\/20231121_175510-768x346.jpg 768w, https:\/\/ieselmedano.org\/wp-content\/uploads\/2024\/06\/20231121_175510-1536x692.jpg 1536w, https:\/\/ieselmedano.org\/wp-content\/uploads\/2024\/06\/20231121_175510-2048x922.jpg 2048w\" sizes=\"(max-width: 1024px) 100vw, 1024px\" \/><\/figure>\n\n\n\n<figure class=\"wp-block-image size-large\"><img loading=\"lazy\" decoding=\"async\" width=\"1024\" height=\"599\" data-id=\"3508\" src=\"https:\/\/ieselmedano.org\/wp-content\/uploads\/2024\/06\/20231204_164533-1024x599.jpg\" alt=\"\" class=\"wp-image-3508\" srcset=\"https:\/\/ieselmedano.org\/wp-content\/uploads\/2024\/06\/20231204_164533-1024x599.jpg 1024w, https:\/\/ieselmedano.org\/wp-content\/uploads\/2024\/06\/20231204_164533-300x176.jpg 300w, https:\/\/ieselmedano.org\/wp-content\/uploads\/2024\/06\/20231204_164533-768x449.jpg 768w, https:\/\/ieselmedano.org\/wp-content\/uploads\/2024\/06\/20231204_164533-1536x899.jpg 1536w, https:\/\/ieselmedano.org\/wp-content\/uploads\/2024\/06\/20231204_164533-2048x1199.jpg 2048w\" sizes=\"(max-width: 1024px) 100vw, 1024px\" \/><\/figure>\n\n\n\n<figure class=\"wp-block-image size-large\"><img loading=\"lazy\" decoding=\"async\" width=\"1024\" height=\"769\" data-id=\"3504\" src=\"https:\/\/ieselmedano.org\/wp-content\/uploads\/2024\/06\/IMG-20231204-WA0019-1024x769.jpg\" alt=\"\" class=\"wp-image-3504\" srcset=\"https:\/\/ieselmedano.org\/wp-content\/uploads\/2024\/06\/IMG-20231204-WA0019-1024x769.jpg 1024w, https:\/\/ieselmedano.org\/wp-content\/uploads\/2024\/06\/IMG-20231204-WA0019-300x225.jpg 300w, https:\/\/ieselmedano.org\/wp-content\/uploads\/2024\/06\/IMG-20231204-WA0019-768x576.jpg 768w, https:\/\/ieselmedano.org\/wp-content\/uploads\/2024\/06\/IMG-20231204-WA0019-1536x1153.jpg 1536w, https:\/\/ieselmedano.org\/wp-content\/uploads\/2024\/06\/IMG-20231204-WA0019.jpg 2048w\" sizes=\"(max-width: 1024px) 100vw, 1024px\" \/><\/figure>\n\n\n\n<figure class=\"wp-block-image size-large\"><img loading=\"lazy\" decoding=\"async\" width=\"1024\" height=\"563\" data-id=\"3505\" src=\"https:\/\/ieselmedano.org\/wp-content\/uploads\/2024\/06\/IMG-20231221-WA0016-1024x563.jpg\" alt=\"\" class=\"wp-image-3505\" srcset=\"https:\/\/ieselmedano.org\/wp-content\/uploads\/2024\/06\/IMG-20231221-WA0016-1024x563.jpg 1024w, https:\/\/ieselmedano.org\/wp-content\/uploads\/2024\/06\/IMG-20231221-WA0016-300x165.jpg 300w, https:\/\/ieselmedano.org\/wp-content\/uploads\/2024\/06\/IMG-20231221-WA0016-768x422.jpg 768w, https:\/\/ieselmedano.org\/wp-content\/uploads\/2024\/06\/IMG-20231221-WA0016-1536x845.jpg 1536w, https:\/\/ieselmedano.org\/wp-content\/uploads\/2024\/06\/IMG-20231221-WA0016-255x140.jpg 255w, https:\/\/ieselmedano.org\/wp-content\/uploads\/2024\/06\/IMG-20231221-WA0016.jpg 1653w\" sizes=\"(max-width: 1024px) 100vw, 1024px\" \/><\/figure>\n<\/figure>\n\n\n\n<div style=\"height:100px\" aria-hidden=\"true\" class=\"wp-block-spacer\"><\/div>\n\n\n\n<hr class=\"wp-block-separator has-alpha-channel-opacity\"\/>\n\n\n\n<p><span style=\"color: #000000;\"><strong>Emprendimiento 2022<\/strong><\/span><\/p>\n<p><span style=\"color: #000000;\">El IES El M\u00e9dano, continua un a\u00f1o m\u00e1s con el proyecto Aula de Emprendimiento. La acci\u00f3n tiene plazo de ejecuci\u00f3n hasta el 31 de diciembre de 2023.<\/span><\/p>\n<p><br \/><span style=\"color: #000000;\">Esta actuaci\u00f3n pretende canalizar las iniciativas emprendedoras del alumnado del centro educativo, as\u00ed como de los egresados, mediante un sistema de orientaci\u00f3n, gu\u00eda y tutela de las ideas emprendedoras que ellos mismos aportan, as\u00ed como la participaci\u00f3n en proyectos con otras entidades y organizaciones.<\/span><br \/><span style=\"color: #000000;\">Se trata de un soporte organizativo, t\u00e9cnico y de infraestructuras en estas fases iniciales cr\u00edticas para crear un marco de fomento y desarrollo de startups. Para ello, se ha dotado a est\u00e9 centro educativo de un importe de 5.000 euros, cuyo gasto se debe ajustar a las condiciones de implantaci\u00f3n del programa como beneficiario de la ayuda del Ministerio de Educaci\u00f3n y Formaci\u00f3n Profesional y de la Uni\u00f3n Europea-Next Generation EU en el marco del Plan de Recuperaci\u00f3n y Resiliencia.<\/span><\/p>\n<p><br \/><span style=\"color: #000000;\"><strong>Algunos de los objetivos de la actuaci\u00f3n Aulas de Emprendimiento en Formaci\u00f3n Profesional, son:<\/strong><\/span><\/p>\n<ul>\n<li>\n<p><span style=\"color: #000000;\">Sensibilizar al alumnado en el emprendimiento en general y en sus versiones social, sostenible o colaborativo, como otra alternativa al empleo por cuenta ajena.<\/span><\/p>\n<\/li>\n<li>\n<p><span style=\"color: #000000;\">Promover y facilitar en el alumnado la adquisici\u00f3n de las competencias necesarias para el emprendimiento.<\/span><\/p>\n<\/li>\n<li>\n<p><span style=\"color: #000000;\">Consolidar las \u201cSoft-Vocational skills\u201d (habilidades personales, sociales y profesionales) como habilidades transversales y necesarias en el alumnado para triunfar como emprendedor o emprendedora y potenciar su autonom\u00eda, confianza y empleabilidad.<\/span><\/p>\n<\/li>\n<li>\n<p><span style=\"color: #000000;\">Generar experiencias reales e iniciales de emprendimiento en el alumnado. Informar, orientar y asesorar para el desarrollo de proyectos e iniciativas de emprendimiento del alumnado de formaci\u00f3n profesional.<\/span><\/p>\n<\/li>\n<li>\n<p><span style=\"color: #000000;\">Participar en concursos de emprendimiento destinados al alumnado de Formaci\u00f3n profesional.<\/span><br \/><span style=\"color: #000000;\">Crear un espacio f\u00edsico que incentive la creatividad, la innovaci\u00f3n, el trabajo en equipo y, como consecuencia, el emprendimiento.<\/span><\/p>\n<\/li>\n<li>\n<p><span style=\"color: #000000;\">Crear una Red de colaboraci\u00f3n, cooperaci\u00f3n y alianzas entre centros educativos, empresas, instituciones y organizaciones del entorno comprometidos con el emprendimiento.<\/span><\/p>\n<\/li>\n<\/ul>\n\n\n\n\n\n<hr class=\"wp-block-separator has-alpha-channel-opacity\"\/>\n\n\n\n<p><span style=\"color: #000000;\">Este centro es beneficiario de la actuaci\u00f3n \u00abAulas de Emprendimiento en Formaci\u00f3n Profesional\u00bb del \u00abPlan de Modernizaci\u00f3n de la Formaci\u00f3n Profesional\u00bb financiadas por el Ministerio de Educaci\u00f3n y Formaci\u00f3n Profesional y por la Uni\u00f3n Europea \u2013 Next Generation EU, en el marco del componente 20 \u201cPlan estrat\u00e9gico de impulso de la Formaci\u00f3n Profesional\u201d, del Plan de Recuperaci\u00f3n, Transformaci\u00f3n y Resiliencia.<br><\/span><\/p>\n<p style=\"text-align: center;\"><a href=\"https:\/\/www.gobiernodecanarias.org\/educacion\/web\/programas_cofinanciados\/nextgenerationeu\/\" target=\"_blank\" rel=\"noopener\">Fondos Europeos<\/a><\/p>\n\n\n\n\n\n<hr class=\"wp-block-separator has-alpha-channel-opacity\"\/>\n\n\n\n<p><strong><span style=\"color: #000080;\">Dise\u00f1o de camisetas&#8230;<\/span><\/strong><\/p>\n\n\n\n<figure class=\"wp-block-gallery has-nested-images columns-default is-cropped wp-block-gallery-2 is-layout-flex wp-block-gallery-is-layout-flex\">\n<figure class=\"wp-block-image size-large\"><img loading=\"lazy\" decoding=\"async\" width=\"1024\" height=\"576\" data-id=\"2772\" src=\"https:\/\/ieselmedano.org\/wp-content\/uploads\/2023\/01\/1-1024x576.png\" alt=\"\" class=\"wp-image-2772\" srcset=\"https:\/\/ieselmedano.org\/wp-content\/uploads\/2023\/01\/1-1024x576.png 1024w, https:\/\/ieselmedano.org\/wp-content\/uploads\/2023\/01\/1-300x169.png 300w, https:\/\/ieselmedano.org\/wp-content\/uploads\/2023\/01\/1-768x432.png 768w, https:\/\/ieselmedano.org\/wp-content\/uploads\/2023\/01\/1.png 1280w\" sizes=\"(max-width: 1024px) 100vw, 1024px\" \/><\/figure>\n\n\n\n<figure class=\"wp-block-image size-large\"><img loading=\"lazy\" decoding=\"async\" width=\"1024\" height=\"576\" data-id=\"2773\" src=\"https:\/\/ieselmedano.org\/wp-content\/uploads\/2023\/01\/2-1024x576.png\" alt=\"\" class=\"wp-image-2773\" srcset=\"https:\/\/ieselmedano.org\/wp-content\/uploads\/2023\/01\/2-1024x576.png 1024w, https:\/\/ieselmedano.org\/wp-content\/uploads\/2023\/01\/2-300x169.png 300w, https:\/\/ieselmedano.org\/wp-content\/uploads\/2023\/01\/2-768x432.png 768w, https:\/\/ieselmedano.org\/wp-content\/uploads\/2023\/01\/2.png 1280w\" sizes=\"(max-width: 1024px) 100vw, 1024px\" \/><\/figure>\n\n\n\n<figure class=\"wp-block-image size-large\"><img loading=\"lazy\" decoding=\"async\" width=\"1024\" height=\"576\" data-id=\"2774\" src=\"https:\/\/ieselmedano.org\/wp-content\/uploads\/2023\/01\/3-1024x576.png\" alt=\"\" class=\"wp-image-2774\" srcset=\"https:\/\/ieselmedano.org\/wp-content\/uploads\/2023\/01\/3-1024x576.png 1024w, https:\/\/ieselmedano.org\/wp-content\/uploads\/2023\/01\/3-300x169.png 300w, https:\/\/ieselmedano.org\/wp-content\/uploads\/2023\/01\/3-768x432.png 768w, https:\/\/ieselmedano.org\/wp-content\/uploads\/2023\/01\/3.png 1280w\" sizes=\"(max-width: 1024px) 100vw, 1024px\" \/><\/figure>\n\n\n\n<figure class=\"wp-block-image size-large\"><img loading=\"lazy\" decoding=\"async\" width=\"1024\" height=\"576\" data-id=\"2775\" src=\"https:\/\/ieselmedano.org\/wp-content\/uploads\/2023\/01\/4-1024x576.png\" alt=\"\" class=\"wp-image-2775\" srcset=\"https:\/\/ieselmedano.org\/wp-content\/uploads\/2023\/01\/4-1024x576.png 1024w, https:\/\/ieselmedano.org\/wp-content\/uploads\/2023\/01\/4-300x169.png 300w, https:\/\/ieselmedano.org\/wp-content\/uploads\/2023\/01\/4-768x432.png 768w, https:\/\/ieselmedano.org\/wp-content\/uploads\/2023\/01\/4.png 1280w\" sizes=\"(max-width: 1024px) 100vw, 1024px\" \/><\/figure>\n<\/figure>\n\n\n\n<div style=\"height:100px\" aria-hidden=\"true\" class=\"wp-block-spacer\"><\/div>\n\n\n\n<p><strong><span style=\"color: #000080;\">Feria de empleo&#8230;<\/span><\/strong><\/p>\n\n\n\n<figure class=\"wp-block-gallery has-nested-images columns-default is-cropped wp-block-gallery-3 is-layout-flex wp-block-gallery-is-layout-flex\">\n<figure class=\"wp-block-image size-large\"><img loading=\"lazy\" decoding=\"async\" width=\"1024\" height=\"576\" data-id=\"2776\" src=\"https:\/\/ieselmedano.org\/wp-content\/uploads\/2023\/01\/1-1-1024x576.png\" alt=\"\" class=\"wp-image-2776\" srcset=\"https:\/\/ieselmedano.org\/wp-content\/uploads\/2023\/01\/1-1-1024x576.png 1024w, https:\/\/ieselmedano.org\/wp-content\/uploads\/2023\/01\/1-1-300x169.png 300w, https:\/\/ieselmedano.org\/wp-content\/uploads\/2023\/01\/1-1-768x432.png 768w, https:\/\/ieselmedano.org\/wp-content\/uploads\/2023\/01\/1-1.png 1280w\" sizes=\"(max-width: 1024px) 100vw, 1024px\" \/><\/figure>\n\n\n\n<figure class=\"wp-block-image size-large\"><img loading=\"lazy\" decoding=\"async\" width=\"1024\" height=\"576\" data-id=\"2779\" src=\"https:\/\/ieselmedano.org\/wp-content\/uploads\/2023\/01\/2-1-1024x576.png\" alt=\"\" class=\"wp-image-2779\" srcset=\"https:\/\/ieselmedano.org\/wp-content\/uploads\/2023\/01\/2-1-1024x576.png 1024w, https:\/\/ieselmedano.org\/wp-content\/uploads\/2023\/01\/2-1-300x169.png 300w, https:\/\/ieselmedano.org\/wp-content\/uploads\/2023\/01\/2-1-768x432.png 768w, https:\/\/ieselmedano.org\/wp-content\/uploads\/2023\/01\/2-1.png 1280w\" sizes=\"(max-width: 1024px) 100vw, 1024px\" \/><\/figure>\n\n\n\n<figure class=\"wp-block-image size-large\"><img loading=\"lazy\" decoding=\"async\" width=\"1024\" height=\"576\" data-id=\"2778\" src=\"https:\/\/ieselmedano.org\/wp-content\/uploads\/2023\/01\/3-1-1024x576.png\" alt=\"\" class=\"wp-image-2778\" srcset=\"https:\/\/ieselmedano.org\/wp-content\/uploads\/2023\/01\/3-1-1024x576.png 1024w, https:\/\/ieselmedano.org\/wp-content\/uploads\/2023\/01\/3-1-300x169.png 300w, https:\/\/ieselmedano.org\/wp-content\/uploads\/2023\/01\/3-1-768x432.png 768w, https:\/\/ieselmedano.org\/wp-content\/uploads\/2023\/01\/3-1.png 1280w\" sizes=\"(max-width: 1024px) 100vw, 1024px\" \/><\/figure>\n\n\n\n<figure class=\"wp-block-image size-large\"><img loading=\"lazy\" decoding=\"async\" width=\"1024\" height=\"576\" data-id=\"2777\" src=\"https:\/\/ieselmedano.org\/wp-content\/uploads\/2023\/01\/4-1-1024x576.png\" alt=\"\" class=\"wp-image-2777\" srcset=\"https:\/\/ieselmedano.org\/wp-content\/uploads\/2023\/01\/4-1-1024x576.png 1024w, https:\/\/ieselmedano.org\/wp-content\/uploads\/2023\/01\/4-1-300x169.png 300w, https:\/\/ieselmedano.org\/wp-content\/uploads\/2023\/01\/4-1-768x432.png 768w, https:\/\/ieselmedano.org\/wp-content\/uploads\/2023\/01\/4-1.png 1280w\" sizes=\"(max-width: 1024px) 100vw, 1024px\" \/><\/figure>\n<\/figure>\n\n\n\n<div style=\"height:100px\" aria-hidden=\"true\" class=\"wp-block-spacer\"><\/div>\n\n\n\n<p><strong><span style=\"color: #000080;\">Jornadas de Emprendimiento&#8230;<\/span><\/strong><\/p>\n\n\n\n<figure class=\"wp-block-gallery has-nested-images columns-default is-cropped wp-block-gallery-4 is-layout-flex wp-block-gallery-is-layout-flex\">\n<figure class=\"wp-block-image size-large\"><img loading=\"lazy\" decoding=\"async\" width=\"1024\" height=\"576\" data-id=\"2781\" src=\"https:\/\/ieselmedano.org\/wp-content\/uploads\/2023\/01\/1-2-1024x576.png\" alt=\"\" class=\"wp-image-2781\" srcset=\"https:\/\/ieselmedano.org\/wp-content\/uploads\/2023\/01\/1-2-1024x576.png 1024w, https:\/\/ieselmedano.org\/wp-content\/uploads\/2023\/01\/1-2-300x169.png 300w, https:\/\/ieselmedano.org\/wp-content\/uploads\/2023\/01\/1-2-768x432.png 768w, https:\/\/ieselmedano.org\/wp-content\/uploads\/2023\/01\/1-2.png 1280w\" sizes=\"(max-width: 1024px) 100vw, 1024px\" \/><\/figure>\n\n\n\n<figure class=\"wp-block-image size-large\"><img loading=\"lazy\" decoding=\"async\" width=\"1024\" height=\"576\" data-id=\"2783\" src=\"https:\/\/ieselmedano.org\/wp-content\/uploads\/2023\/01\/2-2-1024x576.png\" alt=\"\" class=\"wp-image-2783\" srcset=\"https:\/\/ieselmedano.org\/wp-content\/uploads\/2023\/01\/2-2-1024x576.png 1024w, https:\/\/ieselmedano.org\/wp-content\/uploads\/2023\/01\/2-2-300x169.png 300w, https:\/\/ieselmedano.org\/wp-content\/uploads\/2023\/01\/2-2-768x432.png 768w, https:\/\/ieselmedano.org\/wp-content\/uploads\/2023\/01\/2-2.png 1280w\" sizes=\"(max-width: 1024px) 100vw, 1024px\" \/><\/figure>\n\n\n\n<figure class=\"wp-block-image size-large\"><img loading=\"lazy\" decoding=\"async\" width=\"1024\" height=\"576\" data-id=\"2782\" src=\"https:\/\/ieselmedano.org\/wp-content\/uploads\/2023\/01\/3-2-1024x576.png\" alt=\"\" class=\"wp-image-2782\" srcset=\"https:\/\/ieselmedano.org\/wp-content\/uploads\/2023\/01\/3-2-1024x576.png 1024w, https:\/\/ieselmedano.org\/wp-content\/uploads\/2023\/01\/3-2-300x169.png 300w, https:\/\/ieselmedano.org\/wp-content\/uploads\/2023\/01\/3-2-768x432.png 768w, https:\/\/ieselmedano.org\/wp-content\/uploads\/2023\/01\/3-2.png 1280w\" sizes=\"(max-width: 1024px) 100vw, 1024px\" \/><\/figure>\n\n\n\n<figure class=\"wp-block-image size-large\"><img loading=\"lazy\" decoding=\"async\" width=\"1024\" height=\"576\" data-id=\"2784\" src=\"https:\/\/ieselmedano.org\/wp-content\/uploads\/2023\/01\/4-2-1024x576.png\" alt=\"\" class=\"wp-image-2784\" srcset=\"https:\/\/ieselmedano.org\/wp-content\/uploads\/2023\/01\/4-2-1024x576.png 1024w, https:\/\/ieselmedano.org\/wp-content\/uploads\/2023\/01\/4-2-300x169.png 300w, https:\/\/ieselmedano.org\/wp-content\/uploads\/2023\/01\/4-2-768x432.png 768w, https:\/\/ieselmedano.org\/wp-content\/uploads\/2023\/01\/4-2.png 1280w\" sizes=\"(max-width: 1024px) 100vw, 1024px\" \/><\/figure>\n\n\n\n<figure class=\"wp-block-image size-large\"><img loading=\"lazy\" decoding=\"async\" width=\"1024\" height=\"576\" data-id=\"2785\" src=\"https:\/\/ieselmedano.org\/wp-content\/uploads\/2023\/01\/5-1024x576.png\" alt=\"\" class=\"wp-image-2785\" srcset=\"https:\/\/ieselmedano.org\/wp-content\/uploads\/2023\/01\/5-1024x576.png 1024w, https:\/\/ieselmedano.org\/wp-content\/uploads\/2023\/01\/5-300x169.png 300w, https:\/\/ieselmedano.org\/wp-content\/uploads\/2023\/01\/5-768x432.png 768w, https:\/\/ieselmedano.org\/wp-content\/uploads\/2023\/01\/5.png 1280w\" sizes=\"(max-width: 1024px) 100vw, 1024px\" \/><\/figure>\n<\/figure>\n\n\n\n<div style=\"height:100px\" aria-hidden=\"true\" class=\"wp-block-spacer\"><\/div>\n\n\n\n<p><strong><span style=\"color: #000080;\">Visita al CIFP Las Indias<\/span><\/strong><\/p>\n\n\n\n<figure class=\"wp-block-gallery has-nested-images columns-default is-cropped wp-block-gallery-5 is-layout-flex wp-block-gallery-is-layout-flex\">\n<figure class=\"wp-block-image size-large\"><img loading=\"lazy\" decoding=\"async\" width=\"1024\" height=\"576\" data-id=\"2786\" src=\"https:\/\/ieselmedano.org\/wp-content\/uploads\/2023\/01\/1-3-1024x576.png\" alt=\"\" class=\"wp-image-2786\" srcset=\"https:\/\/ieselmedano.org\/wp-content\/uploads\/2023\/01\/1-3-1024x576.png 1024w, https:\/\/ieselmedano.org\/wp-content\/uploads\/2023\/01\/1-3-300x169.png 300w, https:\/\/ieselmedano.org\/wp-content\/uploads\/2023\/01\/1-3-768x432.png 768w, https:\/\/ieselmedano.org\/wp-content\/uploads\/2023\/01\/1-3.png 1280w\" sizes=\"(max-width: 1024px) 100vw, 1024px\" \/><\/figure>\n\n\n\n<figure class=\"wp-block-image size-large\"><img loading=\"lazy\" decoding=\"async\" width=\"1024\" height=\"576\" data-id=\"2789\" src=\"https:\/\/ieselmedano.org\/wp-content\/uploads\/2023\/01\/2-3-1024x576.png\" alt=\"\" class=\"wp-image-2789\" srcset=\"https:\/\/ieselmedano.org\/wp-content\/uploads\/2023\/01\/2-3-1024x576.png 1024w, https:\/\/ieselmedano.org\/wp-content\/uploads\/2023\/01\/2-3-300x169.png 300w, https:\/\/ieselmedano.org\/wp-content\/uploads\/2023\/01\/2-3-768x432.png 768w, https:\/\/ieselmedano.org\/wp-content\/uploads\/2023\/01\/2-3.png 1280w\" sizes=\"(max-width: 1024px) 100vw, 1024px\" \/><\/figure>\n\n\n\n<figure class=\"wp-block-image size-large\"><img loading=\"lazy\" decoding=\"async\" width=\"1024\" height=\"576\" data-id=\"2787\" src=\"https:\/\/ieselmedano.org\/wp-content\/uploads\/2023\/01\/3-3-1024x576.png\" alt=\"\" class=\"wp-image-2787\" srcset=\"https:\/\/ieselmedano.org\/wp-content\/uploads\/2023\/01\/3-3-1024x576.png 1024w, https:\/\/ieselmedano.org\/wp-content\/uploads\/2023\/01\/3-3-300x169.png 300w, https:\/\/ieselmedano.org\/wp-content\/uploads\/2023\/01\/3-3-768x432.png 768w, https:\/\/ieselmedano.org\/wp-content\/uploads\/2023\/01\/3-3.png 1280w\" sizes=\"(max-width: 1024px) 100vw, 1024px\" \/><\/figure>\n\n\n\n<figure class=\"wp-block-image size-large\"><img loading=\"lazy\" decoding=\"async\" width=\"1024\" height=\"576\" data-id=\"2788\" src=\"https:\/\/ieselmedano.org\/wp-content\/uploads\/2023\/01\/4-3-1024x576.png\" alt=\"\" class=\"wp-image-2788\" srcset=\"https:\/\/ieselmedano.org\/wp-content\/uploads\/2023\/01\/4-3-1024x576.png 1024w, https:\/\/ieselmedano.org\/wp-content\/uploads\/2023\/01\/4-3-300x169.png 300w, https:\/\/ieselmedano.org\/wp-content\/uploads\/2023\/01\/4-3-768x432.png 768w, https:\/\/ieselmedano.org\/wp-content\/uploads\/2023\/01\/4-3.png 1280w\" sizes=\"(max-width: 1024px) 100vw, 1024px\" \/><\/figure>\n<\/figure>\n","protected":false},"excerpt":{"rendered":"<p>Emprendimiento 2023 Las \u201cAulas de Emprendimiento en Formaci\u00f3n Profesional\u201d del IES El M\u00e9dano, beneficiario de la actuaci\u00f3n \u00abAulas de Emprendimiento en Formaci\u00f3n Profesional\u00bb del \u00abPlan de Modernizaci\u00f3n de la Formaci\u00f3n Profesional\u00bb financiadas por el Ministerio de Educaci\u00f3n y Formaci\u00f3n Profesional y por la Uni\u00f3n Europea \u2013 NextGenerationEU, en el marco del componente 20 \u201cPlan estrat\u00e9gico<\/p>\n","protected":false},"author":3,"featured_media":2723,"parent":2793,"menu_order":2,"comment_status":"closed","ping_status":"closed","template":"about-us.php","meta":{"_monsterinsights_skip_tracking":false,"_monsterinsights_sitenote_active":false,"_monsterinsights_sitenote_note":"","_monsterinsights_sitenote_category":0,"footnotes":""},"_links":{"self":[{"href":"https:\/\/ieselmedano.org\/index.php\/wp-json\/wp\/v2\/pages\/2722"}],"collection":[{"href":"https:\/\/ieselmedano.org\/index.php\/wp-json\/wp\/v2\/pages"}],"about":[{"href":"https:\/\/ieselmedano.org\/index.php\/wp-json\/wp\/v2\/types\/page"}],"author":[{"embeddable":true,"href":"https:\/\/ieselmedano.org\/index.php\/wp-json\/wp\/v2\/users\/3"}],"replies":[{"embeddable":true,"href":"https:\/\/ieselmedano.org\/index.php\/wp-json\/wp\/v2\/comments?post=2722"}],"version-history":[{"count":22,"href":"https:\/\/ieselmedano.org\/index.php\/wp-json\/wp\/v2\/pages\/2722\/revisions"}],"predecessor-version":[{"id":3515,"href":"https:\/\/ieselmedano.org\/index.php\/wp-json\/wp\/v2\/pages\/2722\/revisions\/3515"}],"up":[{"embeddable":true,"href":"https:\/\/ieselmedano.org\/index.php\/wp-json\/wp\/v2\/pages\/2793"}],"wp:featuredmedia":[{"embeddable":true,"href":"https:\/\/ieselmedano.org\/index.php\/wp-json\/wp\/v2\/media\/2723"}],"wp:attachment":[{"href":"https:\/\/ieselmedano.org\/index.php\/wp-json\/wp\/v2\/media?parent=2722"}],"curies":[{"name":"wp","href":"https:\/\/api.w.org\/{rel}","templated":true}]}}