{"id":3665,"date":"2025-06-18T21:43:06","date_gmt":"2025-06-18T21:43:06","guid":{"rendered":"https:\/\/ieselmedano.org\/?page_id=3665"},"modified":"2025-11-29T21:33:19","modified_gmt":"2025-11-29T21:33:19","slug":"erasmus-ka-121-vet-y-ka-131-hed","status":"publish","type":"page","link":"https:\/\/ieselmedano.org\/index.php\/erasmus-2\/erasmus-ka-121-vet-y-ka-131-hed\/","title":{"rendered":"Erasmus+ KA 121 VET y KA 131 HED"},"content":{"rendered":"\n\n\n<h2 class=\"wp-block-heading has-text-color has-link-color wp-elements-5638216ed9f7c245b34f851b08345184\" style=\"color:#0e344a\">Movilidad profesorado en Finlandia (marzo 2025)<\/h2>\n\n\n\n<div data-wp-interactive=\"core\/file\" class=\"wp-block-file\"><object data-wp-bind--hidden=\"!state.hasPdfPreview\"  class=\"wp-block-file__embed\" data=\"https:\/\/ieselmedano.org\/wp-content\/uploads\/2025\/11\/Erasmus-profesorado-Finlandia.pdf\" type=\"application\/pdf\" style=\"width:100%;height:600px\" aria-label=\"Incrustado de Erasmus-profesorado-Finlandia.\"><\/object><a id=\"wp-block-file--media-d2fde178-b90a-460d-9d1e-4ce12d257d84\" href=\"https:\/\/ieselmedano.org\/wp-content\/uploads\/2025\/11\/Erasmus-profesorado-Finlandia.pdf\">Erasmus-profesorado-Finlandia<\/a><a href=\"https:\/\/ieselmedano.org\/wp-content\/uploads\/2025\/11\/Erasmus-profesorado-Finlandia.pdf\" class=\"wp-block-file__button wp-element-button\" download aria-describedby=\"wp-block-file--media-d2fde178-b90a-460d-9d1e-4ce12d257d84\">Descarga<\/a><\/div>\n\n\n\n<div style=\"height:100px\" aria-hidden=\"true\" class=\"wp-block-spacer\"><\/div>\n\n\n\n<h2 class=\"wp-block-heading has-text-color has-link-color wp-elements-7fc7c42453c418ae038f50b609155e66\" style=\"color:#0e344a\">Movilidad alumnado de Educaci\u00f3n Infantil: Dubl\u00edn (marzo-mayo 2025)<\/h2>\n\n\n\n<div data-wp-interactive=\"core\/file\" class=\"wp-block-file\"><object data-wp-bind--hidden=\"!state.hasPdfPreview\"  class=\"wp-block-file__embed\" data=\"https:\/\/ieselmedano.org\/wp-content\/uploads\/2025\/06\/ERASMUSIrlanda-marzo-mayo-2025.pdf\" type=\"application\/pdf\" style=\"width:100%;height:600px\" aria-label=\"Incrustado de ERASMUSIrlanda-marzo-mayo-2025.\"><\/object><a id=\"wp-block-file--media-6234276e-e144-4e08-a2cf-b6faa8e4c802\" href=\"https:\/\/ieselmedano.org\/wp-content\/uploads\/2025\/06\/ERASMUSIrlanda-marzo-mayo-2025.pdf\">ERASMUSIrlanda-marzo-mayo-2025<\/a><a href=\"https:\/\/ieselmedano.org\/wp-content\/uploads\/2025\/06\/ERASMUSIrlanda-marzo-mayo-2025.pdf\" class=\"wp-block-file__button wp-element-button\" download aria-describedby=\"wp-block-file--media-6234276e-e144-4e08-a2cf-b6faa8e4c802\">Descarga<\/a><\/div>\n\n\n\n<div style=\"height:100px\" aria-hidden=\"true\" class=\"wp-block-spacer\"><\/div>\n\n\n\n<h2 class=\"wp-block-heading has-text-color has-link-color wp-elements-baa1dde285eef3d84310782b08aeb48e\" style=\"color:#0e344a\">Movilidad alumnado de Educaci\u00f3n Infantil: Oporto (marzo-mayo 2024)<\/h2>\n\n\n\n<div data-wp-interactive=\"core\/file\" class=\"wp-block-file\"><object data-wp-bind--hidden=\"!state.hasPdfPreview\"  class=\"wp-block-file__embed\" data=\"https:\/\/ieselmedano.org\/wp-content\/uploads\/2025\/06\/ERASMUS-EI-Porto-marzo-mayo-2024.pdf.pdf\" type=\"application\/pdf\" style=\"width:100%;height:600px\" aria-label=\"Incrustado de ERASMUS-EI-Porto-marzo-mayo-2024.pdf.\"><\/object><a id=\"wp-block-file--media-16dbc8c2-a955-4af5-b944-0651f0a62bf9\" href=\"https:\/\/ieselmedano.org\/wp-content\/uploads\/2025\/06\/ERASMUS-EI-Porto-marzo-mayo-2024.pdf.pdf\">ERASMUS-EI-Porto-marzo-mayo-2024.pdf<\/a><a href=\"https:\/\/ieselmedano.org\/wp-content\/uploads\/2025\/06\/ERASMUS-EI-Porto-marzo-mayo-2024.pdf.pdf\" class=\"wp-block-file__button wp-element-button\" download aria-describedby=\"wp-block-file--media-16dbc8c2-a955-4af5-b944-0651f0a62bf9\">Descarga<\/a><\/div>\n\n\n\n<div style=\"height:100px\" aria-hidden=\"true\" class=\"wp-block-spacer\"><\/div>\n\n\n\n<h2 class=\"wp-block-heading has-text-color has-link-color wp-elements-fb6f8c3fa84ffa05b5ab716f58461572\" style=\"color:#0e344a\">Movilidad alumnado de Integraci\u00f3n Social: Oporto (marzo-mayo 2024)<\/h2>\n\n\n\n<div data-wp-interactive=\"core\/file\" class=\"wp-block-file\"><object data-wp-bind--hidden=\"!state.hasPdfPreview\"  class=\"wp-block-file__embed\" data=\"https:\/\/ieselmedano.org\/wp-content\/uploads\/2025\/06\/ERASMUS-IS-Porto_marzo-mayo-2024-1.pdf\" type=\"application\/pdf\" style=\"width:100%;height:600px\" aria-label=\"Incrustado de ERASMUS-IS-Porto_marzo-mayo-2024-1.\"><\/object><a id=\"wp-block-file--media-28eaec3c-0be7-404f-96c1-c11618836b97\" href=\"https:\/\/ieselmedano.org\/wp-content\/uploads\/2025\/06\/ERASMUS-IS-Porto_marzo-mayo-2024-1.pdf\">ERASMUS-IS-Porto_marzo-mayo-2024-1<\/a><a href=\"https:\/\/ieselmedano.org\/wp-content\/uploads\/2025\/06\/ERASMUS-IS-Porto_marzo-mayo-2024-1.pdf\" class=\"wp-block-file__button wp-element-button\" download aria-describedby=\"wp-block-file--media-28eaec3c-0be7-404f-96c1-c11618836b97\">Descarga<\/a><\/div>\n","protected":false},"excerpt":{"rendered":"<p>Movilidad profesorado en Finlandia (marzo 2025) Movilidad alumnado de Educaci\u00f3n Infantil: Dubl\u00edn (marzo-mayo 2025) Movilidad alumnado de Educaci\u00f3n Infantil: Oporto (marzo-mayo 2024) Movilidad alumnado de Integraci\u00f3n Social: Oporto (marzo-mayo 2024)<\/p>\n","protected":false},"author":3,"featured_media":0,"parent":2818,"menu_order":1,"comment_status":"closed","ping_status":"closed","template":"about-us.php","meta":{"_monsterinsights_skip_tracking":false,"_monsterinsights_sitenote_active":false,"_monsterinsights_sitenote_note":"","_monsterinsights_sitenote_category":0,"footnotes":""},"_links":{"self":[{"href":"https:\/\/ieselmedano.org\/index.php\/wp-json\/wp\/v2\/pages\/3665"}],"collection":[{"href":"https:\/\/ieselmedano.org\/index.php\/wp-json\/wp\/v2\/pages"}],"about":[{"href":"https:\/\/ieselmedano.org\/index.php\/wp-json\/wp\/v2\/types\/page"}],"author":[{"embeddable":true,"href":"https:\/\/ieselmedano.org\/index.php\/wp-json\/wp\/v2\/users\/3"}],"replies":[{"embeddable":true,"href":"https:\/\/ieselmedano.org\/index.php\/wp-json\/wp\/v2\/comments?post=3665"}],"version-history":[{"count":3,"href":"https:\/\/ieselmedano.org\/index.php\/wp-json\/wp\/v2\/pages\/3665\/revisions"}],"predecessor-version":[{"id":3710,"href":"https:\/\/ieselmedano.org\/index.php\/wp-json\/wp\/v2\/pages\/3665\/revisions\/3710"}],"up":[{"embeddable":true,"href":"https:\/\/ieselmedano.org\/index.php\/wp-json\/wp\/v2\/pages\/2818"}],"wp:attachment":[{"href":"https:\/\/ieselmedano.org\/index.php\/wp-json\/wp\/v2\/media?parent=3665"}],"curies":[{"name":"wp","href":"https:\/\/api.w.org\/{rel}","templated":true}]}}